{"id":20338,"date":"2024-04-30T08:23:53","date_gmt":"2024-04-30T08:23:53","guid":{"rendered":"https:\/\/sustain-ed.eu\/?page_id=20338"},"modified":"2024-07-23T06:14:22","modified_gmt":"2024-07-23T06:14:22","slug":"parceiros","status":"publish","type":"page","link":"https:\/\/sustain-ed.eu\/pt-pt\/parceiros\/","title":{"rendered":"Parceiros"},"content":{"rendered":"\t\t<div data-elementor-type=\"wp-page\" data-elementor-id=\"20338\" class=\"elementor elementor-20338 elementor-19549\">\n\t\t\t\t<div class=\"e-con-with-custom-width elementor-element elementor-element-cab5e70 e-flex e-con-boxed sc_layouts_column_icons_position_left wpr-particle-no wpr-jarallax-no wpr-parallax-no wpr-sticky-section-no e-con e-parent\" data-id=\"cab5e70\" data-element_type=\"container\" data-settings=\"{&quot;background_background&quot;:&quot;classic&quot;}\">\n\t\t\t\t\t<div class=\"e-con-inner\">\n\t\t\t\t<div class=\"elementor-element elementor-element-615df28 sc_fly_static elementor-widget elementor-widget-heading\" data-id=\"615df28\" data-element_type=\"widget\" data-widget_type=\"heading.default\">\n\t\t\t\t<div class=\"elementor-widget-container\">\n\t\t\t\t\t<h4 class=\"elementor-heading-title elementor-size-default\">#Parceiros SustainEd<\/h4>\t\t\t\t<\/div>\n\t\t\t\t<\/div>\n\t\t<div class=\"elementor-element elementor-element-e30f349 e-grid e-con-full sc_layouts_column_icons_position_left wpr-particle-no wpr-jarallax-no wpr-parallax-no wpr-sticky-section-no e-con e-child\" data-id=\"e30f349\" data-element_type=\"container\">\n\t\t\t\t<div class=\"elementor-element elementor-element-1070772 sc_fly_static elementor-widget elementor-widget-image\" data-id=\"1070772\" data-element_type=\"widget\" data-widget_type=\"image.default\">\n\t\t\t\t<div class=\"elementor-widget-container\">\n\t\t\t\t\t\t\t\t\t\t\t\t\t\t\t\t<a href=\"https:\/\/uni-milton.hu\/\">\n\t\t\t\t\t\t\t<img fetchpriority=\"high\" decoding=\"async\" width=\"659\" height=\"300\" src=\"https:\/\/sustain-ed.eu\/wp-content\/uploads\/2024\/06\/lp.png\" class=\"attachment-large size-large wp-image-19413\" alt=\"milton friedman egyetem\" srcset=\"https:\/\/sustain-ed.eu\/wp-content\/uploads\/2024\/06\/lp.png 659w, https:\/\/sustain-ed.eu\/wp-content\/uploads\/2024\/06\/lp-300x137.png 300w, https:\/\/sustain-ed.eu\/wp-content\/uploads\/2024\/06\/lp-370x168.png 370w, https:\/\/sustain-ed.eu\/wp-content\/uploads\/2024\/06\/lp-410x187.png 410w\" sizes=\"(max-width: 659px) 100vw, 659px\" \/>\t\t\t\t\t\t\t\t<\/a>\n\t\t\t\t\t\t\t\t\t\t\t\t\t\t\t<\/div>\n\t\t\t\t<\/div>\n\t\t\t\t<div class=\"elementor-element elementor-element-2bb9f3b sc_fly_static elementor-widget elementor-widget-image\" data-id=\"2bb9f3b\" data-element_type=\"widget\" data-widget_type=\"image.default\">\n\t\t\t\t<div class=\"elementor-widget-container\">\n\t\t\t\t\t\t\t\t\t\t\t\t\t\t\t\t<a href=\"https:\/\/www.uab.cat\/\">\n\t\t\t\t\t\t\t<img decoding=\"async\" width=\"827\" height=\"300\" src=\"https:\/\/sustain-ed.eu\/wp-content\/uploads\/2024\/06\/p1.png\" class=\"attachment-large size-large wp-image-19412\" alt=\"UAB\" srcset=\"https:\/\/sustain-ed.eu\/wp-content\/uploads\/2024\/06\/p1.png 827w, https:\/\/sustain-ed.eu\/wp-content\/uploads\/2024\/06\/p1-300x109.png 300w, https:\/\/sustain-ed.eu\/wp-content\/uploads\/2024\/06\/p1-768x279.png 768w, https:\/\/sustain-ed.eu\/wp-content\/uploads\/2024\/06\/p1-370x134.png 370w, https:\/\/sustain-ed.eu\/wp-content\/uploads\/2024\/06\/p1-410x149.png 410w\" sizes=\"(max-width: 827px) 100vw, 827px\" \/>\t\t\t\t\t\t\t\t<\/a>\n\t\t\t\t\t\t\t\t\t\t\t\t\t\t\t<\/div>\n\t\t\t\t<\/div>\n\t\t\t\t<div class=\"elementor-element elementor-element-084ec06 sc_fly_static elementor-widget elementor-widget-image\" data-id=\"084ec06\" data-element_type=\"widget\" data-widget_type=\"image.default\">\n\t\t\t\t<div class=\"elementor-widget-container\">\n\t\t\t\t\t\t\t\t\t\t\t\t\t\t\t\t<a href=\"https:\/\/www.fondazionefenice.it\/\">\n\t\t\t\t\t\t\t<img decoding=\"async\" width=\"659\" height=\"300\" src=\"https:\/\/sustain-ed.eu\/wp-content\/uploads\/2024\/06\/p2.png\" class=\"attachment-large size-large wp-image-19408\" alt=\"fenice\" srcset=\"https:\/\/sustain-ed.eu\/wp-content\/uploads\/2024\/06\/p2.png 659w, https:\/\/sustain-ed.eu\/wp-content\/uploads\/2024\/06\/p2-300x137.png 300w, https:\/\/sustain-ed.eu\/wp-content\/uploads\/2024\/06\/p2-370x168.png 370w, https:\/\/sustain-ed.eu\/wp-content\/uploads\/2024\/06\/p2-410x187.png 410w\" sizes=\"(max-width: 659px) 100vw, 659px\" \/>\t\t\t\t\t\t\t\t<\/a>\n\t\t\t\t\t\t\t\t\t\t\t\t\t\t\t<\/div>\n\t\t\t\t<\/div>\n\t\t\t\t<div class=\"elementor-element elementor-element-8386214 sc_fly_static elementor-widget elementor-widget-image\" data-id=\"8386214\" data-element_type=\"widget\" data-widget_type=\"image.default\">\n\t\t\t\t<div class=\"elementor-widget-container\">\n\t\t\t\t\t\t\t\t\t\t\t\t\t\t\t\t<a href=\"https:\/\/storytellme.eu\/\">\n\t\t\t\t\t\t\t<img loading=\"lazy\" decoding=\"async\" width=\"659\" height=\"300\" src=\"https:\/\/sustain-ed.eu\/wp-content\/uploads\/2024\/06\/p3.png\" class=\"attachment-large size-large wp-image-19411\" alt=\"storytellme\" srcset=\"https:\/\/sustain-ed.eu\/wp-content\/uploads\/2024\/06\/p3.png 659w, https:\/\/sustain-ed.eu\/wp-content\/uploads\/2024\/06\/p3-300x137.png 300w, https:\/\/sustain-ed.eu\/wp-content\/uploads\/2024\/06\/p3-370x168.png 370w, https:\/\/sustain-ed.eu\/wp-content\/uploads\/2024\/06\/p3-410x187.png 410w\" sizes=\"(max-width: 659px) 100vw, 659px\" \/>\t\t\t\t\t\t\t\t<\/a>\n\t\t\t\t\t\t\t\t\t\t\t\t\t\t\t<\/div>\n\t\t\t\t<\/div>\n\t\t\t\t<div class=\"elementor-element elementor-element-bc03426 sc_fly_static elementor-widget elementor-widget-image\" data-id=\"bc03426\" data-element_type=\"widget\" data-widget_type=\"image.default\">\n\t\t\t\t<div class=\"elementor-widget-container\">\n\t\t\t\t\t\t\t\t\t\t\t\t\t\t\t\t<a href=\"https:\/\/www.acta-foundation.eu\/\">\n\t\t\t\t\t\t\t<img loading=\"lazy\" decoding=\"async\" width=\"659\" height=\"300\" src=\"https:\/\/sustain-ed.eu\/wp-content\/uploads\/2024\/06\/p4.png\" class=\"attachment-large size-large wp-image-19409\" alt=\"acta foundation\" srcset=\"https:\/\/sustain-ed.eu\/wp-content\/uploads\/2024\/06\/p4.png 659w, https:\/\/sustain-ed.eu\/wp-content\/uploads\/2024\/06\/p4-300x137.png 300w, https:\/\/sustain-ed.eu\/wp-content\/uploads\/2024\/06\/p4-370x168.png 370w, https:\/\/sustain-ed.eu\/wp-content\/uploads\/2024\/06\/p4-410x187.png 410w\" sizes=\"(max-width: 659px) 100vw, 659px\" \/>\t\t\t\t\t\t\t\t<\/a>\n\t\t\t\t\t\t\t\t\t\t\t\t\t\t\t<\/div>\n\t\t\t\t<\/div>\n\t\t\t\t<div class=\"elementor-element elementor-element-d0e341d sc_fly_static elementor-widget elementor-widget-image\" data-id=\"d0e341d\" data-element_type=\"widget\" data-widget_type=\"image.default\">\n\t\t\t\t<div class=\"elementor-widget-container\">\n\t\t\t\t\t\t\t\t\t\t\t\t\t\t\t\t<a href=\"https:\/\/etefaros.eu\/\">\n\t\t\t\t\t\t\t<img loading=\"lazy\" decoding=\"async\" width=\"659\" height=\"300\" src=\"https:\/\/sustain-ed.eu\/wp-content\/uploads\/2024\/06\/p5.png\" class=\"attachment-large size-large wp-image-19410\" alt=\"ete faros\" srcset=\"https:\/\/sustain-ed.eu\/wp-content\/uploads\/2024\/06\/p5.png 659w, https:\/\/sustain-ed.eu\/wp-content\/uploads\/2024\/06\/p5-300x137.png 300w, https:\/\/sustain-ed.eu\/wp-content\/uploads\/2024\/06\/p5-370x168.png 370w, https:\/\/sustain-ed.eu\/wp-content\/uploads\/2024\/06\/p5-410x187.png 410w\" sizes=\"(max-width: 659px) 100vw, 659px\" \/>\t\t\t\t\t\t\t\t<\/a>\n\t\t\t\t\t\t\t\t\t\t\t\t\t\t\t<\/div>\n\t\t\t\t<\/div>\n\t\t\t\t<\/div>\n\t\t\t\t\t<\/div>\n\t\t\t\t<\/div>\n\t\t<div class=\"e-con-with-custom-width elementor-element elementor-element-75014bd e-flex e-con-boxed sc_layouts_column_icons_position_left wpr-particle-no wpr-jarallax-no wpr-parallax-no wpr-sticky-section-no e-con e-parent\" data-id=\"75014bd\" data-element_type=\"container\">\n\t\t\t\t\t<div class=\"e-con-inner\">\n\t\t<div class=\"elementor-element elementor-element-5c9caae e-con-full e-flex sc_layouts_column_icons_position_left wpr-particle-no wpr-jarallax-no wpr-parallax-no wpr-sticky-section-no e-con e-child\" data-id=\"5c9caae\" data-element_type=\"container\">\n\t\t\t\t<div class=\"elementor-element elementor-element-94a4208 sc_fly_static elementor-widget elementor-widget-image\" data-id=\"94a4208\" data-element_type=\"widget\" data-widget_type=\"image.default\">\n\t\t\t\t<div class=\"elementor-widget-container\">\n\t\t\t\t\t\t\t\t\t\t\t\t\t\t\t<img fetchpriority=\"high\" decoding=\"async\" width=\"659\" height=\"300\" src=\"https:\/\/sustain-ed.eu\/wp-content\/uploads\/2024\/06\/lp.png\" class=\"attachment-large size-large wp-image-19413\" alt=\"milton friedman egyetem\" srcset=\"https:\/\/sustain-ed.eu\/wp-content\/uploads\/2024\/06\/lp.png 659w, https:\/\/sustain-ed.eu\/wp-content\/uploads\/2024\/06\/lp-300x137.png 300w, https:\/\/sustain-ed.eu\/wp-content\/uploads\/2024\/06\/lp-370x168.png 370w, https:\/\/sustain-ed.eu\/wp-content\/uploads\/2024\/06\/lp-410x187.png 410w\" sizes=\"(max-width: 659px) 100vw, 659px\" \/>\t\t\t\t\t\t\t\t\t\t\t\t\t\t\t<\/div>\n\t\t\t\t<\/div>\n\t\t\t\t<\/div>\n\t\t<div class=\"elementor-element elementor-element-8972a54 e-con-full e-flex sc_layouts_column_icons_position_left wpr-particle-no wpr-jarallax-no wpr-parallax-no wpr-sticky-section-no e-con e-child\" data-id=\"8972a54\" data-element_type=\"container\">\n\t\t\t\t<div class=\"elementor-element elementor-element-2692e95 sc_fly_static elementor-widget elementor-widget-heading\" data-id=\"2692e95\" data-element_type=\"widget\" data-widget_type=\"heading.default\">\n\t\t\t\t<div class=\"elementor-widget-container\">\n\t\t\t\t\t<h1 class=\"elementor-heading-title elementor-size-default\">Milton Friedman Egyetem<\/h1>\t\t\t\t<\/div>\n\t\t\t\t<\/div>\n\t\t\t\t<div class=\"elementor-element elementor-element-fa697ed sc_fly_static elementor-widget elementor-widget-heading\" data-id=\"fa697ed\" data-element_type=\"widget\" data-widget_type=\"heading.default\">\n\t\t\t\t<div class=\"elementor-widget-container\">\n\t\t\t\t\t<h2 class=\"elementor-heading-title elementor-size-default\">Hungria<\/h2>\t\t\t\t<\/div>\n\t\t\t\t<\/div>\n\t\t\t\t<div class=\"elementor-element elementor-element-fe72c02 sc_fly_static elementor-widget elementor-widget-heading\" data-id=\"fe72c02\" data-element_type=\"widget\" data-widget_type=\"heading.default\">\n\t\t\t\t<div class=\"elementor-widget-container\">\n\t\t\t\t\t<p class=\"elementor-heading-title elementor-size-default\"><a href=\"http:\/\/www.uni-milton.hu\/\">www.uni-milton.hu<\/a><\/p>\t\t\t\t<\/div>\n\t\t\t\t<\/div>\n\t\t\t\t<\/div>\n\t\t<div class=\"elementor-element elementor-element-320d67c e-con-full e-flex sc_layouts_column_icons_position_left wpr-particle-no wpr-jarallax-no wpr-parallax-no wpr-sticky-section-no e-con e-child\" data-id=\"320d67c\" data-element_type=\"container\">\n\t\t\t\t<div class=\"elementor-element elementor-element-ab3ef0a sc_fly_static elementor-widget elementor-widget-text-editor\" data-id=\"ab3ef0a\" data-element_type=\"widget\" data-widget_type=\"text-editor.default\">\n\t\t\t\t<div class=\"elementor-widget-container\">\n\t\t\t\t\t\t\t\t\t<p>A MILTON FRIEDMAN UNIVERSITY (MFU), originalmente criada em 2000 como King Sigismund College, tinha como objetivo contribuir para a integra\u00e7\u00e3o europeia e para a moderniza\u00e7\u00e3o nacional, satisfazendo as exig\u00eancias do mercado de trabalho no que respeita a recursos humanos com conhecimentos internacionais. Dando \u00eanfase \u00e0 economia, a MFU expandiu os seus cursos para incluir diversos programas de gradua\u00e7\u00e3o e p\u00f3s-gradua\u00e7\u00e3o em Economia, Ci\u00eancias Sociais, Artes Liberais e Economia-Inform\u00e1tica. Em 2016, fez a transi\u00e7\u00e3o para a Universidade de Ci\u00eancias Aplicadas e tornou-se na Universidade Milton Friedman em 2018. A MFU tem departamentos em v\u00e1rias \u00e1reas, candidatou-se a uma Escola de Doutoramento em 2022 e emprega cerca de 100 funcion\u00e1rios, 50% acad\u00e9micos. A universidade promove fortes rela\u00e7\u00f5es comerciais, oferece conhecimentos pr\u00e1ticos e aplic\u00e1veis e mant\u00e9m cinco laborat\u00f3rios de investiga\u00e7\u00e3o. Com 1300 estudantes, a MFU privilegia uma abordagem centrada no estudante, oferecendo hor\u00e1rios flex\u00edveis aos estudantes que trabalham e centrando-se em quest\u00f5es sustent\u00e1veis, incluindo os princ\u00edpios ESG. Os membros do corpo docente possuem compet\u00eancias diversificadas em mat\u00e9ria de ensino, investiga\u00e7\u00e3o e consultoria.<\/p>\t\t\t\t\t\t\t\t<\/div>\n\t\t\t\t<\/div>\n\t\t\t\t<\/div>\n\t\t\t\t\t<\/div>\n\t\t\t\t<\/div>\n\t\t<div class=\"e-con-with-custom-width elementor-element elementor-element-f69675b e-flex e-con-boxed sc_layouts_column_icons_position_left wpr-particle-no wpr-jarallax-no wpr-parallax-no wpr-sticky-section-no e-con e-parent\" data-id=\"f69675b\" data-element_type=\"container\" data-settings=\"{&quot;background_background&quot;:&quot;classic&quot;}\">\n\t\t\t\t\t<div class=\"e-con-inner\">\n\t\t<div class=\"elementor-element elementor-element-302730c e-con-full e-flex sc_layouts_column_icons_position_left wpr-particle-no wpr-jarallax-no wpr-parallax-no wpr-sticky-section-no e-con e-child\" data-id=\"302730c\" data-element_type=\"container\">\n\t\t\t\t<div class=\"elementor-element elementor-element-b56b3ae sc_fly_static elementor-widget elementor-widget-image\" data-id=\"b56b3ae\" data-element_type=\"widget\" data-widget_type=\"image.default\">\n\t\t\t\t<div class=\"elementor-widget-container\">\n\t\t\t\t\t\t\t\t\t\t\t\t\t\t\t<img decoding=\"async\" width=\"827\" height=\"300\" src=\"https:\/\/sustain-ed.eu\/wp-content\/uploads\/2024\/06\/p1.png\" class=\"attachment-large size-large wp-image-19412\" alt=\"UAB\" srcset=\"https:\/\/sustain-ed.eu\/wp-content\/uploads\/2024\/06\/p1.png 827w, https:\/\/sustain-ed.eu\/wp-content\/uploads\/2024\/06\/p1-300x109.png 300w, https:\/\/sustain-ed.eu\/wp-content\/uploads\/2024\/06\/p1-768x279.png 768w, https:\/\/sustain-ed.eu\/wp-content\/uploads\/2024\/06\/p1-370x134.png 370w, https:\/\/sustain-ed.eu\/wp-content\/uploads\/2024\/06\/p1-410x149.png 410w\" sizes=\"(max-width: 827px) 100vw, 827px\" \/>\t\t\t\t\t\t\t\t\t\t\t\t\t\t\t<\/div>\n\t\t\t\t<\/div>\n\t\t\t\t<\/div>\n\t\t<div class=\"elementor-element elementor-element-1252052 e-con-full e-flex sc_layouts_column_icons_position_left wpr-particle-no wpr-jarallax-no wpr-parallax-no wpr-sticky-section-no e-con e-child\" data-id=\"1252052\" data-element_type=\"container\">\n\t\t\t\t<div class=\"elementor-element elementor-element-4c05a9d sc_fly_static elementor-widget elementor-widget-heading\" data-id=\"4c05a9d\" data-element_type=\"widget\" data-widget_type=\"heading.default\">\n\t\t\t\t<div class=\"elementor-widget-container\">\n\t\t\t\t\t<h1 class=\"elementor-heading-title elementor-size-default\">Universitat Autonoma de Barcelona<\/h1>\t\t\t\t<\/div>\n\t\t\t\t<\/div>\n\t\t\t\t<div class=\"elementor-element elementor-element-3078ced sc_fly_static elementor-widget elementor-widget-heading\" data-id=\"3078ced\" data-element_type=\"widget\" data-widget_type=\"heading.default\">\n\t\t\t\t<div class=\"elementor-widget-container\">\n\t\t\t\t\t<h2 class=\"elementor-heading-title elementor-size-default\">Espanha<\/h2>\t\t\t\t<\/div>\n\t\t\t\t<\/div>\n\t\t\t\t<div class=\"elementor-element elementor-element-52c1c65 sc_fly_static elementor-widget elementor-widget-heading\" data-id=\"52c1c65\" data-element_type=\"widget\" data-widget_type=\"heading.default\">\n\t\t\t\t<div class=\"elementor-widget-container\">\n\t\t\t\t\t<p class=\"elementor-heading-title elementor-size-default\"><a href=\"https:\/\/www.uab.es\/\">www.uab.es<\/a><\/p>\t\t\t\t<\/div>\n\t\t\t\t<\/div>\n\t\t\t\t<\/div>\n\t\t<div class=\"elementor-element elementor-element-fe16e13 e-con-full e-flex sc_layouts_column_icons_position_left wpr-particle-no wpr-jarallax-no wpr-parallax-no wpr-sticky-section-no e-con e-child\" data-id=\"fe16e13\" data-element_type=\"container\">\n\t\t\t\t<div class=\"elementor-element elementor-element-eee6a68 sc_fly_static elementor-widget elementor-widget-text-editor\" data-id=\"eee6a68\" data-element_type=\"widget\" data-widget_type=\"text-editor.default\">\n\t\t\t\t<div class=\"elementor-widget-container\">\n\t\t\t\t\t\t\t\t\t<p>A Universitat Aut\u00f2noma de Barcelona (UAB), fundada em 1968 perto de Barcelona, \u00e9 uma universidade p\u00fablica l\u00edder em Espanha, conhecida pela excel\u00eancia no ensino e na investiga\u00e7\u00e3o. Ocupa o primeiro lugar entre as universidades espanholas no QS World University Rankings 2023 e d\u00e1 \u00eanfase \u00e0 internacionaliza\u00e7\u00e3o atrav\u00e9s de parcerias globais. Com mais de 40.000 estudantes e cerca de 6.000 funcion\u00e1rios, a UAB oferece diversos programas de licenciatura, mestrado e doutoramento em v\u00e1rias categorias. Promove a investiga\u00e7\u00e3o com resultados significativos anualmente. Apoia a inova\u00e7\u00e3o e o desenvolvimento sustent\u00e1vel atrav\u00e9s das suas iniciativas Smart Campus e da participa\u00e7\u00e3o em redes europeias como a ECIU University, promovendo solu\u00e7\u00f5es de colabora\u00e7\u00e3o para desafios sociais.<\/p>\t\t\t\t\t\t\t\t<\/div>\n\t\t\t\t<\/div>\n\t\t\t\t<\/div>\n\t\t\t\t\t<\/div>\n\t\t\t\t<\/div>\n\t\t<div class=\"e-con-with-custom-width elementor-element elementor-element-b1642bb e-flex e-con-boxed sc_layouts_column_icons_position_left wpr-particle-no wpr-jarallax-no wpr-parallax-no wpr-sticky-section-no e-con e-parent\" data-id=\"b1642bb\" data-element_type=\"container\">\n\t\t\t\t\t<div class=\"e-con-inner\">\n\t\t<div class=\"elementor-element elementor-element-f600d0e e-con-full e-flex sc_layouts_column_icons_position_left wpr-particle-no wpr-jarallax-no wpr-parallax-no wpr-sticky-section-no e-con e-child\" data-id=\"f600d0e\" data-element_type=\"container\">\n\t\t\t\t<div class=\"elementor-element elementor-element-2431c2c sc_fly_static elementor-widget elementor-widget-image\" data-id=\"2431c2c\" data-element_type=\"widget\" data-widget_type=\"image.default\">\n\t\t\t\t<div class=\"elementor-widget-container\">\n\t\t\t\t\t\t\t\t\t\t\t\t\t\t\t<img decoding=\"async\" width=\"659\" height=\"300\" src=\"https:\/\/sustain-ed.eu\/wp-content\/uploads\/2024\/06\/p2.png\" class=\"attachment-large size-large wp-image-19408\" alt=\"fenice\" srcset=\"https:\/\/sustain-ed.eu\/wp-content\/uploads\/2024\/06\/p2.png 659w, https:\/\/sustain-ed.eu\/wp-content\/uploads\/2024\/06\/p2-300x137.png 300w, https:\/\/sustain-ed.eu\/wp-content\/uploads\/2024\/06\/p2-370x168.png 370w, https:\/\/sustain-ed.eu\/wp-content\/uploads\/2024\/06\/p2-410x187.png 410w\" sizes=\"(max-width: 659px) 100vw, 659px\" \/>\t\t\t\t\t\t\t\t\t\t\t\t\t\t\t<\/div>\n\t\t\t\t<\/div>\n\t\t\t\t<\/div>\n\t\t<div class=\"elementor-element elementor-element-e00940d e-con-full e-flex sc_layouts_column_icons_position_left wpr-particle-no wpr-jarallax-no wpr-parallax-no wpr-sticky-section-no e-con e-child\" data-id=\"e00940d\" data-element_type=\"container\">\n\t\t\t\t<div class=\"elementor-element elementor-element-c34bc89 sc_fly_static elementor-widget elementor-widget-heading\" data-id=\"c34bc89\" data-element_type=\"widget\" data-widget_type=\"heading.default\">\n\t\t\t\t<div class=\"elementor-widget-container\">\n\t\t\t\t\t<h1 class=\"elementor-heading-title elementor-size-default\">Fondazione Fenice Onlus<\/h1>\t\t\t\t<\/div>\n\t\t\t\t<\/div>\n\t\t\t\t<div class=\"elementor-element elementor-element-4d87e14 sc_fly_static elementor-widget elementor-widget-heading\" data-id=\"4d87e14\" data-element_type=\"widget\" data-widget_type=\"heading.default\">\n\t\t\t\t<div class=\"elementor-widget-container\">\n\t\t\t\t\t<h2 class=\"elementor-heading-title elementor-size-default\">It\u00e1lia<\/h2>\t\t\t\t<\/div>\n\t\t\t\t<\/div>\n\t\t\t\t<div class=\"elementor-element elementor-element-849e609 sc_fly_static elementor-widget elementor-widget-heading\" data-id=\"849e609\" data-element_type=\"widget\" data-widget_type=\"heading.default\">\n\t\t\t\t<div class=\"elementor-widget-container\">\n\t\t\t\t\t<p class=\"elementor-heading-title elementor-size-default\"><a href=\"https:\/\/www.fondazionefenice.it\/\">www.fondazionefenice.it<\/a><\/p>\t\t\t\t<\/div>\n\t\t\t\t<\/div>\n\t\t\t\t<\/div>\n\t\t<div class=\"elementor-element elementor-element-bb87971 e-con-full e-flex sc_layouts_column_icons_position_left wpr-particle-no wpr-jarallax-no wpr-parallax-no wpr-sticky-section-no e-con e-child\" data-id=\"bb87971\" data-element_type=\"container\">\n\t\t\t\t<div class=\"elementor-element elementor-element-3f5383f sc_fly_static elementor-widget elementor-widget-text-editor\" data-id=\"3f5383f\" data-element_type=\"widget\" data-widget_type=\"text-editor.default\">\n\t\t\t\t<div class=\"elementor-widget-container\">\n\t\t\t\t\t\t\t\t\t<p>A Funda\u00e7\u00e3o Fenice, acreditada pela Regione Veneto, \u00e9 uma Ag\u00eancia de Forma\u00e7\u00e3o de refer\u00eancia na regi\u00e3o de P\u00e1dua. Criada em colabora\u00e7\u00e3o com o Cons\u00f3rcio Zip e a sociedade civil, tem como objetivo melhorar as \u00e1reas verdes da ilha Terranegra. A funda\u00e7\u00e3o gere um parque did\u00e1tico especializado em energias renov\u00e1veis, um modelo de cidade inteligente que liga os sectores urbano e industrial. Estabelece parcerias com a Universidade de P\u00e1dua, a C\u00e2mara de Com\u00e9rcio local e o Munic\u00edpio para oferecer forma\u00e7\u00e3o em compet\u00eancias digitais atrav\u00e9s do Campus Digital. A Fenice \u00e9 tamb\u00e9m l\u00edder em investiga\u00e7\u00e3o, servi\u00e7os empresariais e forma\u00e7\u00e3o t\u00e9cnica, promovendo pr\u00e1ticas sustent\u00e1veis e inova\u00e7\u00e3o digital em conson\u00e2ncia com a gest\u00e3o ambiental e o avan\u00e7o tecnol\u00f3gico.<\/p>\t\t\t\t\t\t\t\t<\/div>\n\t\t\t\t<\/div>\n\t\t\t\t<\/div>\n\t\t\t\t\t<\/div>\n\t\t\t\t<\/div>\n\t\t<div class=\"e-con-with-custom-width elementor-element elementor-element-85d9aa1 e-flex e-con-boxed sc_layouts_column_icons_position_left wpr-particle-no wpr-jarallax-no wpr-parallax-no wpr-sticky-section-no e-con e-parent\" data-id=\"85d9aa1\" data-element_type=\"container\" data-settings=\"{&quot;background_background&quot;:&quot;classic&quot;}\">\n\t\t\t\t\t<div class=\"e-con-inner\">\n\t\t<div class=\"elementor-element elementor-element-7908274 e-con-full e-flex sc_layouts_column_icons_position_left wpr-particle-no wpr-jarallax-no wpr-parallax-no wpr-sticky-section-no e-con e-child\" data-id=\"7908274\" data-element_type=\"container\">\n\t\t\t\t<div class=\"elementor-element elementor-element-ef366a2 sc_fly_static elementor-widget elementor-widget-image\" data-id=\"ef366a2\" data-element_type=\"widget\" data-widget_type=\"image.default\">\n\t\t\t\t<div class=\"elementor-widget-container\">\n\t\t\t\t\t\t\t\t\t\t\t\t\t\t\t<img loading=\"lazy\" decoding=\"async\" width=\"659\" height=\"300\" src=\"https:\/\/sustain-ed.eu\/wp-content\/uploads\/2024\/06\/p3.png\" class=\"attachment-large size-large wp-image-19411\" alt=\"storytellme\" srcset=\"https:\/\/sustain-ed.eu\/wp-content\/uploads\/2024\/06\/p3.png 659w, https:\/\/sustain-ed.eu\/wp-content\/uploads\/2024\/06\/p3-300x137.png 300w, https:\/\/sustain-ed.eu\/wp-content\/uploads\/2024\/06\/p3-370x168.png 370w, https:\/\/sustain-ed.eu\/wp-content\/uploads\/2024\/06\/p3-410x187.png 410w\" sizes=\"(max-width: 659px) 100vw, 659px\" \/>\t\t\t\t\t\t\t\t\t\t\t\t\t\t\t<\/div>\n\t\t\t\t<\/div>\n\t\t\t\t<\/div>\n\t\t<div class=\"elementor-element elementor-element-3969055 e-con-full e-flex sc_layouts_column_icons_position_left wpr-particle-no wpr-jarallax-no wpr-parallax-no wpr-sticky-section-no e-con e-child\" data-id=\"3969055\" data-element_type=\"container\">\n\t\t\t\t<div class=\"elementor-element elementor-element-b628e8c sc_fly_static elementor-widget elementor-widget-heading\" data-id=\"b628e8c\" data-element_type=\"widget\" data-widget_type=\"heading.default\">\n\t\t\t\t<div class=\"elementor-widget-container\">\n\t\t\t\t\t<h1 class=\"elementor-heading-title elementor-size-default\">StoryTellme, UNIPESSOAL LDA<\/h1>\t\t\t\t<\/div>\n\t\t\t\t<\/div>\n\t\t\t\t<div class=\"elementor-element elementor-element-aadd1c4 sc_fly_static elementor-widget elementor-widget-heading\" data-id=\"aadd1c4\" data-element_type=\"widget\" data-widget_type=\"heading.default\">\n\t\t\t\t<div class=\"elementor-widget-container\">\n\t\t\t\t\t<h2 class=\"elementor-heading-title elementor-size-default\">Portugal<\/h2>\t\t\t\t<\/div>\n\t\t\t\t<\/div>\n\t\t\t\t<div class=\"elementor-element elementor-element-a623757 sc_fly_static elementor-widget elementor-widget-heading\" data-id=\"a623757\" data-element_type=\"widget\" data-widget_type=\"heading.default\">\n\t\t\t\t<div class=\"elementor-widget-container\">\n\t\t\t\t\t<p class=\"elementor-heading-title elementor-size-default\"><a href=\"https:\/\/storytellme.eu\/\">www.storytellme.eu<\/a><\/p>\t\t\t\t<\/div>\n\t\t\t\t<\/div>\n\t\t\t\t<\/div>\n\t\t<div class=\"elementor-element elementor-element-11d9623 e-con-full e-flex sc_layouts_column_icons_position_left wpr-particle-no wpr-jarallax-no wpr-parallax-no wpr-sticky-section-no e-con e-child\" data-id=\"11d9623\" data-element_type=\"container\">\n\t\t\t\t<div class=\"elementor-element elementor-element-674d8fa sc_fly_static elementor-widget elementor-widget-text-editor\" data-id=\"674d8fa\" data-element_type=\"widget\" data-widget_type=\"text-editor.default\">\n\t\t\t\t<div class=\"elementor-widget-container\">\n\t\t\t\t\t\t\t\t\t<p>Fundada em 2014, a STORYTELLME \u00e9 uma editora din\u00e2mica e uma consultora educacional pioneira na literacia digital e em experi\u00eancias de aprendizagem inovadoras. Especializada em livros personalizados, colabora em diversos projetos europeus no \u00e2mbito do programa Erasmus+, com foco na educa\u00e7\u00e3o, digitaliza\u00e7\u00e3o, sustentabilidade, entre outros. Utilizando metodologias de Design Thinking e Storytelling, a STORYTELLME desenvolve conceitos criativos para a educa\u00e7\u00e3o n\u00e3o formal, direcionados para escolas e empresas. Envolvida em media, v\u00eddeo e gr\u00e1ficos animados, potencia a aprendizagem atrav\u00e9s de plataformas envolventes e formatos interativos. Integrada na StartupLisboa, apoia o empreendedorismo e promove uma rede em toda a Europa, enriquecendo as pr\u00e1ticas educativas atrav\u00e9s de abordagens imaginativas e colaborativas.<\/p>\t\t\t\t\t\t\t\t<\/div>\n\t\t\t\t<\/div>\n\t\t\t\t<\/div>\n\t\t\t\t\t<\/div>\n\t\t\t\t<\/div>\n\t\t<div class=\"e-con-with-custom-width elementor-element elementor-element-d3385d4 e-flex e-con-boxed sc_layouts_column_icons_position_left wpr-particle-no wpr-jarallax-no wpr-parallax-no wpr-sticky-section-no e-con e-parent\" data-id=\"d3385d4\" data-element_type=\"container\">\n\t\t\t\t\t<div class=\"e-con-inner\">\n\t\t<div class=\"elementor-element elementor-element-f8db16f e-con-full e-flex sc_layouts_column_icons_position_left wpr-particle-no wpr-jarallax-no wpr-parallax-no wpr-sticky-section-no e-con e-child\" data-id=\"f8db16f\" data-element_type=\"container\">\n\t\t\t\t<div class=\"elementor-element elementor-element-27e87e1 sc_fly_static elementor-widget elementor-widget-image\" data-id=\"27e87e1\" data-element_type=\"widget\" data-widget_type=\"image.default\">\n\t\t\t\t<div class=\"elementor-widget-container\">\n\t\t\t\t\t\t\t\t\t\t\t\t\t\t\t<img loading=\"lazy\" decoding=\"async\" width=\"659\" height=\"300\" src=\"https:\/\/sustain-ed.eu\/wp-content\/uploads\/2024\/06\/p4.png\" class=\"attachment-large size-large wp-image-19409\" alt=\"acta foundation\" srcset=\"https:\/\/sustain-ed.eu\/wp-content\/uploads\/2024\/06\/p4.png 659w, https:\/\/sustain-ed.eu\/wp-content\/uploads\/2024\/06\/p4-300x137.png 300w, https:\/\/sustain-ed.eu\/wp-content\/uploads\/2024\/06\/p4-370x168.png 370w, https:\/\/sustain-ed.eu\/wp-content\/uploads\/2024\/06\/p4-410x187.png 410w\" sizes=\"(max-width: 659px) 100vw, 659px\" \/>\t\t\t\t\t\t\t\t\t\t\t\t\t\t\t<\/div>\n\t\t\t\t<\/div>\n\t\t\t\t<\/div>\n\t\t<div class=\"elementor-element elementor-element-05d0dbb e-con-full e-flex sc_layouts_column_icons_position_left wpr-particle-no wpr-jarallax-no wpr-parallax-no wpr-sticky-section-no e-con e-child\" data-id=\"05d0dbb\" data-element_type=\"container\">\n\t\t\t\t<div class=\"elementor-element elementor-element-8a923f5 sc_fly_static elementor-widget elementor-widget-heading\" data-id=\"8a923f5\" data-element_type=\"widget\" data-widget_type=\"heading.default\">\n\t\t\t\t<div class=\"elementor-widget-container\">\n\t\t\t\t\t<h1 class=\"elementor-heading-title elementor-size-default\">Acta Foundation<\/h1>\t\t\t\t<\/div>\n\t\t\t\t<\/div>\n\t\t\t\t<div class=\"elementor-element elementor-element-b3d8ea7 sc_fly_static elementor-widget elementor-widget-heading\" data-id=\"b3d8ea7\" data-element_type=\"widget\" data-widget_type=\"heading.default\">\n\t\t\t\t<div class=\"elementor-widget-container\">\n\t\t\t\t\t<h2 class=\"elementor-heading-title elementor-size-default\">Bulg\u00e1ria<\/h2>\t\t\t\t<\/div>\n\t\t\t\t<\/div>\n\t\t\t\t<div class=\"elementor-element elementor-element-0fb13e6 sc_fly_static elementor-widget elementor-widget-heading\" data-id=\"0fb13e6\" data-element_type=\"widget\" data-widget_type=\"heading.default\">\n\t\t\t\t<div class=\"elementor-widget-container\">\n\t\t\t\t\t<p class=\"elementor-heading-title elementor-size-default\"><a href=\"http:\/\/www.acta-foundation.eu\/\">www.acta-foundation.eu<\/a><\/p>\t\t\t\t<\/div>\n\t\t\t\t<\/div>\n\t\t\t\t<\/div>\n\t\t<div class=\"elementor-element elementor-element-5f2c5bc e-con-full e-flex sc_layouts_column_icons_position_left wpr-particle-no wpr-jarallax-no wpr-parallax-no wpr-sticky-section-no e-con e-child\" data-id=\"5f2c5bc\" data-element_type=\"container\">\n\t\t\t\t<div class=\"elementor-element elementor-element-437bdc2 sc_fly_static elementor-widget elementor-widget-text-editor\" data-id=\"437bdc2\" data-element_type=\"widget\" data-widget_type=\"text-editor.default\">\n\t\t\t\t<div class=\"elementor-widget-container\">\n\t\t\t\t\t\t\t\t\t<p>Fundada com base no princ\u00edpio &#8220;ata non verba&#8221; (ac\u00e7\u00f5es e n\u00e3o palavras), a Funda\u00e7\u00e3o Ata \u00e9 uma ONG b\u00falgara dedicada \u00e0 promo\u00e7\u00e3o de uma sociedade civil ativa. Faz a ponte entre a educa\u00e7\u00e3o e as empresas atrav\u00e9s de iniciativas de aprendizagem ao longo da vida, promovendo as compet\u00eancias do s\u00e9culo XXI e a educa\u00e7\u00e3o pr\u00e1tica alinhada com as necessidades actuais do mercado de trabalho. Especializada em coopera\u00e7\u00e3o internacional, investiga\u00e7\u00e3o e forma\u00e7\u00e3o em contexto de trabalho, a Ata estabelece parcerias com institui\u00e7\u00f5es de ensino e partes interessadas para promover o desenvolvimento sustent\u00e1vel. Concebe programas de mentoria e est\u00e1gios com impacto, apoiando as PME e promovendo a colabora\u00e7\u00e3o com universidades e centros de forma\u00e7\u00e3o profissional. A experi\u00eancia da Funda\u00e7\u00e3o Ata em programas da UE como o Erasmus+ sustenta o seu compromisso para com a educa\u00e7\u00e3o inovadora e o avan\u00e7o social.<\/p>\t\t\t\t\t\t\t\t<\/div>\n\t\t\t\t<\/div>\n\t\t\t\t<\/div>\n\t\t\t\t\t<\/div>\n\t\t\t\t<\/div>\n\t\t<div class=\"e-con-with-custom-width elementor-element elementor-element-a0995d8 e-flex e-con-boxed sc_layouts_column_icons_position_left wpr-particle-no wpr-jarallax-no wpr-parallax-no wpr-sticky-section-no e-con e-parent\" data-id=\"a0995d8\" data-element_type=\"container\" data-settings=\"{&quot;background_background&quot;:&quot;classic&quot;}\">\n\t\t\t\t\t<div class=\"e-con-inner\">\n\t\t<div class=\"elementor-element elementor-element-c5353ac e-con-full e-flex sc_layouts_column_icons_position_left wpr-particle-no wpr-jarallax-no wpr-parallax-no wpr-sticky-section-no e-con e-child\" data-id=\"c5353ac\" data-element_type=\"container\">\n\t\t\t\t<div class=\"elementor-element elementor-element-9fb781f sc_fly_static elementor-widget elementor-widget-image\" data-id=\"9fb781f\" data-element_type=\"widget\" data-widget_type=\"image.default\">\n\t\t\t\t<div class=\"elementor-widget-container\">\n\t\t\t\t\t\t\t\t\t\t\t\t\t\t\t<img loading=\"lazy\" decoding=\"async\" width=\"659\" height=\"300\" src=\"https:\/\/sustain-ed.eu\/wp-content\/uploads\/2024\/06\/p5.png\" class=\"attachment-large size-large wp-image-19410\" alt=\"ete faros\" srcset=\"https:\/\/sustain-ed.eu\/wp-content\/uploads\/2024\/06\/p5.png 659w, https:\/\/sustain-ed.eu\/wp-content\/uploads\/2024\/06\/p5-300x137.png 300w, https:\/\/sustain-ed.eu\/wp-content\/uploads\/2024\/06\/p5-370x168.png 370w, https:\/\/sustain-ed.eu\/wp-content\/uploads\/2024\/06\/p5-410x187.png 410w\" sizes=\"(max-width: 659px) 100vw, 659px\" \/>\t\t\t\t\t\t\t\t\t\t\t\t\t\t\t<\/div>\n\t\t\t\t<\/div>\n\t\t\t\t<\/div>\n\t\t<div class=\"elementor-element elementor-element-afb4c5e e-con-full e-flex sc_layouts_column_icons_position_left wpr-particle-no wpr-jarallax-no wpr-parallax-no wpr-sticky-section-no e-con e-child\" data-id=\"afb4c5e\" data-element_type=\"container\">\n\t\t\t\t<div class=\"elementor-element elementor-element-02784e6 sc_fly_static elementor-widget elementor-widget-heading\" data-id=\"02784e6\" data-element_type=\"widget\" data-widget_type=\"heading.default\">\n\t\t\t\t<div class=\"elementor-widget-container\">\n\t\t\t\t\t<h1 class=\"elementor-heading-title elementor-size-default\">ETE FAROS<\/h1>\t\t\t\t<\/div>\n\t\t\t\t<\/div>\n\t\t\t\t<div class=\"elementor-element elementor-element-03544f5 sc_fly_static elementor-widget elementor-widget-heading\" data-id=\"03544f5\" data-element_type=\"widget\" data-widget_type=\"heading.default\">\n\t\t\t\t<div class=\"elementor-widget-container\">\n\t\t\t\t\t<h2 class=\"elementor-heading-title elementor-size-default\">Chipre<\/h2>\t\t\t\t<\/div>\n\t\t\t\t<\/div>\n\t\t\t\t<div class=\"elementor-element elementor-element-f3f463e sc_fly_static elementor-widget elementor-widget-heading\" data-id=\"f3f463e\" data-element_type=\"widget\" data-widget_type=\"heading.default\">\n\t\t\t\t<div class=\"elementor-widget-container\">\n\t\t\t\t\t<p class=\"elementor-heading-title elementor-size-default\"><a href=\"https:\/\/etefaros.eu\/\">www.etefaros.eu<\/a><\/p>\t\t\t\t<\/div>\n\t\t\t\t<\/div>\n\t\t\t\t<\/div>\n\t\t<div class=\"elementor-element elementor-element-11feddc e-con-full e-flex sc_layouts_column_icons_position_left wpr-particle-no wpr-jarallax-no wpr-parallax-no wpr-sticky-section-no e-con e-child\" data-id=\"11feddc\" data-element_type=\"container\">\n\t\t\t\t<div class=\"elementor-element elementor-element-c1b1764 sc_fly_static elementor-widget elementor-widget-text-editor\" data-id=\"c1b1764\" data-element_type=\"widget\" data-widget_type=\"text-editor.default\">\n\t\t\t\t<div class=\"elementor-widget-container\">\n\t\t\t\t\t\t\t\t\t<p>Fundada em 1998, durante uma era crucial de reforma educativa impulsionada pelos avan\u00e7os tecnol\u00f3gicos, a PCX Computers &amp; Information Systems Ltd mudou a sua marca para ETE FAROS LTD em 2023. Especializada em EMPREENDEDORISMO &#8211; TECNOLOGIA &#8211; EDUCA\u00c7\u00c3O, a FAROS dedica-se a prestar servi\u00e7os de consultoria de alto n\u00edvel e forma\u00e7\u00e3o inovadora. Concentra-se no desenvolvimento de solu\u00e7\u00f5es TIC para PME, incluindo sistemas ERP e CRM, e oferece conhecimentos especializados no desenvolvimento de plataformas de e-learning. Com uma equipa de 10 especialistas, a FAROS promove colabora\u00e7\u00f5es com organismos educativos externos, apoia o empreendedorismo e participa em projectos europeus para melhorar as compet\u00eancias digitais e o crescimento das PME. Empenhada na excel\u00eancia, a FAROS defende a digitaliza\u00e7\u00e3o em todos os sectores empresariais e educativos.<\/p>\t\t\t\t\t\t\t\t<\/div>\n\t\t\t\t<\/div>\n\t\t\t\t<\/div>\n\t\t\t\t\t<\/div>\n\t\t\t\t<\/div>\n\t\t\t\t<\/div>\n\t\t","protected":false},"excerpt":{"rendered":"<p>#Parceiros SustainEd Milton Friedman Egyetem Hungria www.uni-milton.hu A MILTON FRIEDMAN UNIVERSITY (MFU), originalmente criada em 2000 como King Sigismund College, tinha como objetivo contribuir para a integra\u00e7\u00e3o europeia e para&hellip;<\/p>\n","protected":false},"author":1,"featured_media":0,"parent":0,"menu_order":0,"comment_status":"closed","ping_status":"closed","template":"elementor_header_footer","meta":{"footnotes":""},"class_list":["post-20338","page","type-page","status-publish","hentry"],"yoast_head":"<!-- This site is optimized with the Yoast SEO plugin v27.5 - https:\/\/yoast.com\/product\/yoast-seo-wordpress\/ -->\n<title>Parceiros | SustainEd<\/title>\n<meta name=\"robots\" content=\"index, follow, max-snippet:-1, max-image-preview:large, max-video-preview:-1\" \/>\n<link rel=\"canonical\" href=\"https:\/\/sustain-ed.eu\/pt-pt\/parceiros\/\" \/>\n<meta property=\"og:locale\" content=\"pt_PT\" \/>\n<meta property=\"og:type\" content=\"article\" \/>\n<meta property=\"og:title\" content=\"Parceiros | SustainEd\" \/>\n<meta property=\"og:description\" content=\"#Parceiros SustainEd Milton Friedman Egyetem Hungria www.uni-milton.hu A MILTON FRIEDMAN UNIVERSITY (MFU), originalmente criada em 2000 como King Sigismund College, tinha como objetivo contribuir para a integra\u00e7\u00e3o europeia e para&hellip;\" \/>\n<meta property=\"og:url\" content=\"https:\/\/sustain-ed.eu\/pt-pt\/parceiros\/\" \/>\n<meta property=\"og:site_name\" content=\"SustainEd\" \/>\n<meta property=\"article:publisher\" content=\"https:\/\/www.facebook.com\/projectSustainEd\" \/>\n<meta property=\"article:modified_time\" content=\"2024-07-23T06:14:22+00:00\" \/>\n<meta property=\"og:image\" content=\"https:\/\/sustain-ed.eu\/wp-content\/uploads\/2024\/06\/lp.png\" \/>\n\t<meta property=\"og:image:width\" content=\"659\" \/>\n\t<meta property=\"og:image:height\" content=\"300\" \/>\n\t<meta property=\"og:image:type\" content=\"image\/png\" \/>\n<meta name=\"twitter:card\" content=\"summary_large_image\" \/>\n<meta name=\"twitter:label1\" content=\"Tempo estimado de leitura\" \/>\n\t<meta name=\"twitter:data1\" content=\"5 minutos\" \/>\n<script type=\"application\/ld+json\" class=\"yoast-schema-graph\">{\"@context\":\"https:\\\/\\\/schema.org\",\"@graph\":[{\"@type\":\"WebPage\",\"@id\":\"https:\\\/\\\/sustain-ed.eu\\\/pt-pt\\\/parceiros\\\/\",\"url\":\"https:\\\/\\\/sustain-ed.eu\\\/pt-pt\\\/parceiros\\\/\",\"name\":\"Parceiros | SustainEd\",\"isPartOf\":{\"@id\":\"https:\\\/\\\/sustain-ed.eu\\\/#website\"},\"primaryImageOfPage\":{\"@id\":\"https:\\\/\\\/sustain-ed.eu\\\/pt-pt\\\/parceiros\\\/#primaryimage\"},\"image\":{\"@id\":\"https:\\\/\\\/sustain-ed.eu\\\/pt-pt\\\/parceiros\\\/#primaryimage\"},\"thumbnailUrl\":\"https:\\\/\\\/sustain-ed.eu\\\/wp-content\\\/uploads\\\/2024\\\/06\\\/lp.png\",\"datePublished\":\"2024-04-30T08:23:53+00:00\",\"dateModified\":\"2024-07-23T06:14:22+00:00\",\"breadcrumb\":{\"@id\":\"https:\\\/\\\/sustain-ed.eu\\\/pt-pt\\\/parceiros\\\/#breadcrumb\"},\"inLanguage\":\"pt-PT\",\"potentialAction\":[{\"@type\":\"ReadAction\",\"target\":[\"https:\\\/\\\/sustain-ed.eu\\\/pt-pt\\\/parceiros\\\/\"]}]},{\"@type\":\"ImageObject\",\"inLanguage\":\"pt-PT\",\"@id\":\"https:\\\/\\\/sustain-ed.eu\\\/pt-pt\\\/parceiros\\\/#primaryimage\",\"url\":\"https:\\\/\\\/sustain-ed.eu\\\/wp-content\\\/uploads\\\/2024\\\/06\\\/lp.png\",\"contentUrl\":\"https:\\\/\\\/sustain-ed.eu\\\/wp-content\\\/uploads\\\/2024\\\/06\\\/lp.png\"},{\"@type\":\"BreadcrumbList\",\"@id\":\"https:\\\/\\\/sustain-ed.eu\\\/pt-pt\\\/parceiros\\\/#breadcrumb\",\"itemListElement\":[{\"@type\":\"ListItem\",\"position\":1,\"name\":\"Home\",\"item\":\"https:\\\/\\\/sustain-ed.eu\\\/pt-pt\\\/\"},{\"@type\":\"ListItem\",\"position\":2,\"name\":\"Parceiros\"}]},{\"@type\":\"WebSite\",\"@id\":\"https:\\\/\\\/sustain-ed.eu\\\/#website\",\"url\":\"https:\\\/\\\/sustain-ed.eu\\\/\",\"name\":\"SustainEd\",\"description\":\"SustainEd Erasmus+ Project\",\"publisher\":{\"@id\":\"https:\\\/\\\/sustain-ed.eu\\\/#organization\"},\"potentialAction\":[{\"@type\":\"SearchAction\",\"target\":{\"@type\":\"EntryPoint\",\"urlTemplate\":\"https:\\\/\\\/sustain-ed.eu\\\/?s={search_term_string}\"},\"query-input\":{\"@type\":\"PropertyValueSpecification\",\"valueRequired\":true,\"valueName\":\"search_term_string\"}}],\"inLanguage\":\"pt-PT\"},{\"@type\":\"Organization\",\"@id\":\"https:\\\/\\\/sustain-ed.eu\\\/#organization\",\"name\":\"SustainEd\",\"url\":\"https:\\\/\\\/sustain-ed.eu\\\/\",\"logo\":{\"@type\":\"ImageObject\",\"inLanguage\":\"pt-PT\",\"@id\":\"https:\\\/\\\/sustain-ed.eu\\\/#\\\/schema\\\/logo\\\/image\\\/\",\"url\":\"https:\\\/\\\/sustain-ed.eu\\\/wp-content\\\/uploads\\\/2024\\\/06\\\/SustainEd_Logo.png\",\"contentUrl\":\"https:\\\/\\\/sustain-ed.eu\\\/wp-content\\\/uploads\\\/2024\\\/06\\\/SustainEd_Logo.png\",\"width\":300,\"height\":300,\"caption\":\"SustainEd\"},\"image\":{\"@id\":\"https:\\\/\\\/sustain-ed.eu\\\/#\\\/schema\\\/logo\\\/image\\\/\"},\"sameAs\":[\"https:\\\/\\\/www.facebook.com\\\/projectSustainEd\",\"https:\\\/\\\/www.linkedin.com\\\/company\\\/102452710\",\"https:\\\/\\\/www.youtube.com\\\/@SustainEdProject\"]}]}<\/script>\n<!-- \/ Yoast SEO plugin. -->","yoast_head_json":{"title":"Parceiros | SustainEd","robots":{"index":"index","follow":"follow","max-snippet":"max-snippet:-1","max-image-preview":"max-image-preview:large","max-video-preview":"max-video-preview:-1"},"canonical":"https:\/\/sustain-ed.eu\/pt-pt\/parceiros\/","og_locale":"pt_PT","og_type":"article","og_title":"Parceiros | SustainEd","og_description":"#Parceiros SustainEd Milton Friedman Egyetem Hungria www.uni-milton.hu A MILTON FRIEDMAN UNIVERSITY (MFU), originalmente criada em 2000 como King Sigismund College, tinha como objetivo contribuir para a integra\u00e7\u00e3o europeia e para&hellip;","og_url":"https:\/\/sustain-ed.eu\/pt-pt\/parceiros\/","og_site_name":"SustainEd","article_publisher":"https:\/\/www.facebook.com\/projectSustainEd","article_modified_time":"2024-07-23T06:14:22+00:00","og_image":[{"width":659,"height":300,"url":"https:\/\/sustain-ed.eu\/wp-content\/uploads\/2024\/06\/lp.png","type":"image\/png"}],"twitter_card":"summary_large_image","twitter_misc":{"Tempo estimado de leitura":"5 minutos"},"schema":{"@context":"https:\/\/schema.org","@graph":[{"@type":"WebPage","@id":"https:\/\/sustain-ed.eu\/pt-pt\/parceiros\/","url":"https:\/\/sustain-ed.eu\/pt-pt\/parceiros\/","name":"Parceiros | SustainEd","isPartOf":{"@id":"https:\/\/sustain-ed.eu\/#website"},"primaryImageOfPage":{"@id":"https:\/\/sustain-ed.eu\/pt-pt\/parceiros\/#primaryimage"},"image":{"@id":"https:\/\/sustain-ed.eu\/pt-pt\/parceiros\/#primaryimage"},"thumbnailUrl":"https:\/\/sustain-ed.eu\/wp-content\/uploads\/2024\/06\/lp.png","datePublished":"2024-04-30T08:23:53+00:00","dateModified":"2024-07-23T06:14:22+00:00","breadcrumb":{"@id":"https:\/\/sustain-ed.eu\/pt-pt\/parceiros\/#breadcrumb"},"inLanguage":"pt-PT","potentialAction":[{"@type":"ReadAction","target":["https:\/\/sustain-ed.eu\/pt-pt\/parceiros\/"]}]},{"@type":"ImageObject","inLanguage":"pt-PT","@id":"https:\/\/sustain-ed.eu\/pt-pt\/parceiros\/#primaryimage","url":"https:\/\/sustain-ed.eu\/wp-content\/uploads\/2024\/06\/lp.png","contentUrl":"https:\/\/sustain-ed.eu\/wp-content\/uploads\/2024\/06\/lp.png"},{"@type":"BreadcrumbList","@id":"https:\/\/sustain-ed.eu\/pt-pt\/parceiros\/#breadcrumb","itemListElement":[{"@type":"ListItem","position":1,"name":"Home","item":"https:\/\/sustain-ed.eu\/pt-pt\/"},{"@type":"ListItem","position":2,"name":"Parceiros"}]},{"@type":"WebSite","@id":"https:\/\/sustain-ed.eu\/#website","url":"https:\/\/sustain-ed.eu\/","name":"SustainEd","description":"SustainEd Erasmus+ Project","publisher":{"@id":"https:\/\/sustain-ed.eu\/#organization"},"potentialAction":[{"@type":"SearchAction","target":{"@type":"EntryPoint","urlTemplate":"https:\/\/sustain-ed.eu\/?s={search_term_string}"},"query-input":{"@type":"PropertyValueSpecification","valueRequired":true,"valueName":"search_term_string"}}],"inLanguage":"pt-PT"},{"@type":"Organization","@id":"https:\/\/sustain-ed.eu\/#organization","name":"SustainEd","url":"https:\/\/sustain-ed.eu\/","logo":{"@type":"ImageObject","inLanguage":"pt-PT","@id":"https:\/\/sustain-ed.eu\/#\/schema\/logo\/image\/","url":"https:\/\/sustain-ed.eu\/wp-content\/uploads\/2024\/06\/SustainEd_Logo.png","contentUrl":"https:\/\/sustain-ed.eu\/wp-content\/uploads\/2024\/06\/SustainEd_Logo.png","width":300,"height":300,"caption":"SustainEd"},"image":{"@id":"https:\/\/sustain-ed.eu\/#\/schema\/logo\/image\/"},"sameAs":["https:\/\/www.facebook.com\/projectSustainEd","https:\/\/www.linkedin.com\/company\/102452710","https:\/\/www.youtube.com\/@SustainEdProject"]}]}},"_links":{"self":[{"href":"https:\/\/sustain-ed.eu\/pt-pt\/wp-json\/wp\/v2\/pages\/20338","targetHints":{"allow":["GET"]}}],"collection":[{"href":"https:\/\/sustain-ed.eu\/pt-pt\/wp-json\/wp\/v2\/pages"}],"about":[{"href":"https:\/\/sustain-ed.eu\/pt-pt\/wp-json\/wp\/v2\/types\/page"}],"author":[{"embeddable":true,"href":"https:\/\/sustain-ed.eu\/pt-pt\/wp-json\/wp\/v2\/users\/1"}],"replies":[{"embeddable":true,"href":"https:\/\/sustain-ed.eu\/pt-pt\/wp-json\/wp\/v2\/comments?post=20338"}],"version-history":[{"count":0,"href":"https:\/\/sustain-ed.eu\/pt-pt\/wp-json\/wp\/v2\/pages\/20338\/revisions"}],"wp:attachment":[{"href":"https:\/\/sustain-ed.eu\/pt-pt\/wp-json\/wp\/v2\/media?parent=20338"}],"curies":[{"name":"wp","href":"https:\/\/api.w.org\/{rel}","templated":true}]}}